{"id":66,"date":"2022-02-10T14:59:49","date_gmt":"2022-02-10T14:59:49","guid":{"rendered":"https:\/\/digitalprod.eu\/bam\/?page_id=66"},"modified":"2022-07-22T20:16:16","modified_gmt":"2022-07-22T20:16:16","slug":"politiquede-confidentialite","status":"publish","type":"page","link":"http:\/\/bam-centrodabananadamadeira.pt\/fr\/politiquede-confidentialite\/","title":{"rendered":"Politiquede confidentialit\u00e9"},"content":{"rendered":"<p><strong>Politique g\u00e9n\u00e9rale de s\u00e9curit\u00e9 et de confidentialit\u00e9<br \/>\n<\/strong>La protection de la confidentialit\u00e9 et des donn\u00e9es \u00e0 caract\u00e8re personnel est une priorit\u00e9 pour GESBA\u00a0&#8211; Empresa de Gest\u00e3o do Sector da Banana, Lda. (d\u00e9sign\u00e9e ci-apr\u00e8s GESBA) et un engagement clair que nous prenons.<\/p>\n<p>Cette politique concerne les pratiques de confidentialit\u00e9 dans le cadre de l&#8217;activit\u00e9 de GESBA, y compris les portails, sites internet et autres services g\u00e9r\u00e9s et utilis\u00e9s par l&#8217;entreprise. Les donn\u00e9es \u00e0 caract\u00e8re personnel que vous nous fournissez lors de l&#8217;interaction avec les diff\u00e9rents services seront trait\u00e9es avec les garanties de s\u00e9curit\u00e9 et de confidentialit\u00e9 requises par le cadre juridique sur la protection des donn\u00e9es \u00e0 caract\u00e8re personnel.<\/p>\n<p>Les portails, sites et applications sous la responsabilit\u00e9 de GESBA et utilis\u00e9s par GESBA, dans le cadre des services fournis, contiennent des liens vers d&#8217;autres sites sous la responsabilit\u00e9 de tiers. La politique de confidentialit\u00e9 de GESBA s&#8217;applique exclusivement aux sites et services sous sa responsabilit\u00e9. Lorsque vous acc\u00e9dez aux sites d&#8217;autres entit\u00e9s, m\u00eame si ce sont des sites sous la responsabilit\u00e9 de GESBA, vous devez lire leur politique de confidentialit\u00e9.<\/p>\n<p>L&#8217;acc\u00e8s et l&#8217;utilisation des services, portails et sites, sous la responsabilit\u00e9 de GESBA, doivent \u00eatre libres pour l&#8217;utilisateur, GESBA pr\u00e9sumant que ce dernier a lu, compris et accept\u00e9 les Conditions g\u00e9n\u00e9rales de leur utilisation.<\/p>\n<p>Toute tentative de modification des informations ou toute autre action susceptible de causer des dommages et de mettre en p\u00e9ril l&#8217;int\u00e9grit\u00e9 du syst\u00e8me sont strictement interdites par la l\u00e9gislation en vigueur. L&#8217;utilisateur s&#8217;engage \u00e0 respecter scrupuleusement la l\u00e9gislation applicable, notamment en mati\u00e8re de criminalit\u00e9 informatique et de droits de propri\u00e9t\u00e9 intellectuelle, et est seul responsable du manquement \u00e0 ces normes.<\/p>\n<p><strong>D\u00e9l\u00e9gu\u00e9 \u00e0 la protection des donn\u00e9es<br \/>\n<\/strong>GESBA a d\u00e9sign\u00e9 un D\u00e9l\u00e9gu\u00e9 \u00e0 la protection des donn\u00e9es qui peut \u00eatre contact\u00e9 par courrier \u00e9lectronique \u00e0 l&#8217;adresse <a href=\"mailto:protecaodedados@gesba.pt\">protecaodedados@gesba.pt<\/a> ou par lettre recommand\u00e9e avec accus\u00e9 de r\u00e9ception \u00e0 l&#8217;adresse Rua de Santa Rita, n.\u00ba 56, 9000-238, Funchal.<\/p>\n<p><strong>Confidentialit\u00e9<br \/>\n<\/strong>GESBA respecte votre droit \u00e0 la vie priv\u00e9e. Les donn\u00e9es requises sont destin\u00e9es \u00e0 la fourniture du service que vous avez demand\u00e9, les donn\u00e9es \u00e0 caract\u00e8re personnel qui ne sont pas n\u00e9cessaires \u00e0 la fourniture du service n\u2019\u00e9tant pas collect\u00e9es ou ne l\u2019\u00e9tant pas sans votre consentement.<\/p>\n<p>L&#8217;interaction avec les services, les portails et les sites de GESBA ne requiert pas d&#8217;informations de la part de l&#8217;utilisateur, sauf lorsqu&#8217;\u00e0 des fins express\u00e9ment identifi\u00e9es, l&#8217;enregistrement est d\u00e9clar\u00e9 n\u00e9cessaire et autoris\u00e9 par l&#8217;utilisateur selon les termes suivants.<\/p>\n<p><strong>Responsable du traitement<br \/>\n<\/strong>En tant que responsable du traitement des donn\u00e9es, GESBA\u00a0:<\/p>\n<ul>\n<li>veille \u00e0 ce que vos donn\u00e9es \u00e0 caract\u00e8re personnel soient trait\u00e9es dans le cadre des finalit\u00e9s pour lesquelles elles ont \u00e9t\u00e9 collect\u00e9es ou \u00e0 des fins compatibles avec ces derni\u00e8res\u00a0;<\/li>\n<li>ne collecte, n&#8217;utilise et ne conserve que les donn\u00e9es \u00e0 caract\u00e8re personnel n\u00e9cessaires \u00e0 la finalit\u00e9 en question\u00a0;<\/li>\n<li>ne transmet pas de donn\u00e9es \u00e0 caract\u00e8re personnel \u00e0 des fins commerciales ou publicitaires\u00a0;<\/li>\n<li>traite les donn\u00e9es \u00e0 caract\u00e8re personnel \u00e0 des fins l\u00e9galement pr\u00e9vues ou pour la poursuite de services \u00e0 votre demande.<\/li>\n<\/ul>\n<p><strong>Sous-traitant<br \/>\n<\/strong>En tant que sous-traitant, GESBA s&#8217;engage \u00e0 respecter les accords sur la confidentialit\u00e9 et le traitement des donn\u00e9es \u00e0 caract\u00e8re personnel conclus avec les entit\u00e9s responsables du traitement des donn\u00e9es.<\/p>\n<p><strong>Types de donn\u00e9es \u00e0 caract\u00e8re personnel que nous collectons<br \/>\n<\/strong>Les donn\u00e9es \u00e0 caract\u00e8re personnel trait\u00e9es par GESBA sont de nature diverse compte tenu de la prestation des services promus sur les plateformes \u00e9lectroniques et des autres services que l&#8217;entreprise g\u00e8re.<\/p>\n<p>Selon le type de services fournis, les donn\u00e9es suivantes peuvent \u00eatre collect\u00e9es\u00a0: adresse IP, localisation via GPS, nom, sexe, \u00e2ge, date et lieu de naissance, num\u00e9ro d&#8217;identification fiscale, num\u00e9ro d&#8217;identification civile, num\u00e9ro de s\u00e9curit\u00e9 sociale, num\u00e9ro de document d&#8217;identit\u00e9, IBAN, NIFAP (num\u00e9ro d&#8217;identification du b\u00e9n\u00e9ficiaire dans le syst\u00e8me d&#8217;information de l&#8217;Institut de financement de l\u2019agriculture et de la p\u00eache), \u00e9tat civil, adresse, nationalit\u00e9, adresse \u00e9lectronique et num\u00e9ro de t\u00e9l\u00e9phone portable.<\/p>\n<p><strong>S\u00e9curit\u00e9 des Donn\u00e9es \u00e0 caract\u00e8re personnel<br \/>\n<\/strong>Dans le cadre de ses activit\u00e9s, GESBA utilise un ensemble de technologies et de proc\u00e9dures de s\u00e9curit\u00e9 adapt\u00e9es \u00e0 la protection de vos donn\u00e9es \u00e0 caract\u00e8re personnel, en les prot\u00e9geant contre tout acc\u00e8s ou divulgation non autoris\u00e9s, \u00e0 savoir\u00a0:<\/p>\n<ul>\n<li>Des mesures de s\u00e9curit\u00e9 physique, telles que le contr\u00f4le de l&#8217;acc\u00e8s des employ\u00e9s, des collaborateurs et des visiteurs aux locaux du si\u00e8ge social et, dans les locaux du Centre de donn\u00e9es, des m\u00e9canismes tr\u00e8s stricts de lutte contre les intrusions, d&#8217;extinction des incendies, de surveillance des \u00e9quipements 24h\/24 et 7j\/7 et de logement des \u00e9quipements dans des locaux sp\u00e9cifiques.<\/li>\n<li>Des mesures de s\u00e9curit\u00e9 logique, dans la composante relative \u00e0 l&#8217;acc\u00e8s aux syst\u00e8mes et aux postes de travail par le biais de m\u00e9canismes de gestion des identit\u00e9s, d&#8217;authentifications et de privil\u00e8ges\u00a0; dans la composante relative au r\u00e9seau, l&#8217;utilisation de pare-feu et de syst\u00e8mes de d\u00e9tection d\u2019intrusions, la s\u00e9gr\u00e9gation des r\u00e9seaux et des environnements d&#8217;application, ainsi que le cryptage des informations par des canaux de communication s\u00e9curis\u00e9s.<\/li>\n<\/ul>\n<p><strong>Acc\u00e8s et contr\u00f4le de vos Donn\u00e9es \u00e0 caract\u00e8re personnel<br \/>\n<\/strong>Nous vous offrons la possibilit\u00e9, \u00e0 votre demande, d&#8217;acc\u00e9der \u00e0 vos donn\u00e9es \u00e0 caract\u00e8re personnel, de les rectifier et de les supprimer. Vous avez \u00e9galement le droit de vous opposer au traitement de vos donn\u00e9es \u00e0 caract\u00e8re personnel.<\/p>\n<p>Si l&#8217;utilisation de vos donn\u00e9es \u00e0 caract\u00e8re personnel est fond\u00e9e sur le consentement, vous avez le droit de le retirer, sans compromettre la validit\u00e9 du traitement des donn\u00e9es effectu\u00e9 jusqu&#8217;alors.<\/p>\n<p>Par le biais du D\u00e9l\u00e9gu\u00e9 \u00e0 la protection des donn\u00e9es qui peut \u00eatre contact\u00e9 par courrier \u00e9lectronique \u00e0 l&#8217;adresse <a href=\"mailto:protecaodedados@gesba.pt\">protecaodedados@gesba.pt<\/a> ou par lettre recommand\u00e9e avec accus\u00e9 de r\u00e9ception \u00e0 l&#8217;adresse Rua de Santa Rita, n.\u00ba 56, 9000-238, Funchal, vous pouvez solliciter\u00a0:<\/p>\n<ul>\n<li>des informations sur vos donn\u00e9es\u00a0;<\/li>\n<li>des informations sur le traitement\u00a0;<\/li>\n<li>la finalit\u00e9 sous-jacente du traitement\u00a0;<\/li>\n<li>la correction ou la mise \u00e0 jour des donn\u00e9es\u00a0;<\/li>\n<li>vos donn\u00e9es dans un format ouvert\u00a0;<\/li>\n<li>l&#8217;effacement des donn\u00e9es, sans pr\u00e9judice de la loi applicable au traitement concern\u00e9.<\/li>\n<\/ul>\n<p><strong>Stockage des donn\u00e9es \u00e0 caract\u00e8re personnel<br \/>\n<\/strong>Vos donn\u00e9es \u00e0 caract\u00e8re personnel sont conserv\u00e9es par GESBA pendant la p\u00e9riode n\u00e9cessaire au traitement, selon la finalit\u00e9 respective.<\/p>\n<p>Les p\u00e9riodes de conservation peuvent \u00eatre modifi\u00e9es lorsque l&#8217;int\u00e9r\u00eat public associ\u00e9, des raisons historiques, scientifiques ou statistiques le justifient, GESBA s&#8217;engageant \u00e0 adopter les mesures de conservation et de s\u00e9curit\u00e9 appropri\u00e9es.<\/p>\n<p><strong>Cookies et technologies similaires<br \/>\n<\/strong>GESBA utilise des cookies et d&#8217;autres technologies similaires sur ses sites internet afin d&#8217;am\u00e9liorer les performances et l&#8217;exp\u00e9rience de navigation de ses Utilisateurs, en augmentant d&#8217;une part la rapidit\u00e9 et l&#8217;efficacit\u00e9 des r\u00e9ponses et en \u00e9liminant de l\u2019autre la n\u00e9cessit\u00e9 de saisir de mani\u00e8re r\u00e9p\u00e9t\u00e9e les m\u00eames informations.<\/p>\n<p>Le placement de cookies aide les sites internet \u00e0 reconna\u00eetre le dispositif de l&#8217;Utilisateur lors de sa visite suivante et est souvent essentiel \u00e0 leur fonctionnement.<\/p>\n<p>Les cookies utilis\u00e9s par GESBA ne recueillent pas d&#8217;informations \u00e0 caract\u00e8re personnel permettant d&#8217;identifier l&#8217;Utilisateur, mais uniquement des informations g\u00e9n\u00e9rales, telles que le mode ou la r\u00e9gion\/ville d&#8217;acc\u00e8s, entre autres.<\/p>\n<p>Les cookies utilis\u00e9s sur les sites et portails de GESBA sont les suivants\u00a0:<\/p>\n<ul>\n<li>Essentiels &#8211; n\u00e9cessaires \u00e0 la navigation sur le site internet ou sur les portails de GESBA, permettant ou optimisant les fonctionnalit\u00e9s offertes par les sites internet, am\u00e9liorant l&#8217;exp\u00e9rience de navigation de l&#8217;utilisateur et assurant l&#8217;acc\u00e8s aux espaces priv\u00e9s de ce dernier afin de permettre l&#8217;ex\u00e9cution des services, notamment les cookies de session.<\/li>\n<li>Analytiques &#8211; n\u00e9cessaires \u00e0 la collecte d&#8217;informations pour l&#8217;analyse statistique de la navigation et \u00e0 l&#8217;utilisation du site internet, notamment Google.<\/li>\n<li>Tiers<\/li>\n<\/ul>\n<p>Facebook, Twitter, YouTube, Instagram, Google Play, App Store et d\u2019autres sites internet g\u00e9r\u00e9s par des tiers peuvent installer des cookies \u00e0 des fins de partage de contenus. Le nombre et le statut de ces cookies peuvent d\u00e9pendre de la mani\u00e8re dont les plateformes en question sont utilis\u00e9es avant ou pendant une visite de ce site internet. Il est utile de v\u00e9rifier quelle est la politique de gestion des cookies de ces sites internet.<\/p>\n<p>Les informations g\u00e9n\u00e9r\u00e9es par l&#8217;utilisation des cookies peuvent \u00eatre transmises \u00e0 des tiers pour l&#8217;analyse des tendances, la navigation et le suivi des performances, sans toutefois identifier personne.<\/p>\n<p><strong>Comment contr\u00f4ler l&#8217;utilisation des cookies\u00a0?<br \/>\n<\/strong>Les utilisateurs peuvent emp\u00eacher l&#8217;utilisation de cookies dans les param\u00e8tres de leur navigateur. N\u00e9anmoins, si vous limitez cette option, l&#8217;utilisation de certaines fonctions ou les performances de certains outils peuvent \u00eatre restreintes.<\/p>\n<p>Il est \u00e9galement possible d&#8217;utiliser des extensions de navigateur (<em>browser<\/em>\u00a0<em>add-on&#8217;<\/em>) pour d\u00e9sactiver l&#8217;utilisation de certaines fonctions. Google fournit une extension pour Google Analytics qui permet de d\u00e9sactiver son utilisation. Elle est disponible sur https:\/\/tools.google.com\/dlpage\/gaoptout\/<\/p>\n<p><strong>\u00a0<\/strong><\/p>\n<p><strong>Comment g\u00e9rer les cookies dans les diff\u00e9rents navigateurs\u00a0:<\/strong><\/p>\n<p><strong>Google Chrome<br \/>\n<\/strong>Par d\u00e9faut, tous les cookies sont autoris\u00e9s, mais vous pouvez r\u00e9gler ce param\u00e8tre. Suivez les \u00e9tapes suivantes\u00a0: Cliquer sur le menu Chrome dans la barre d&#8217;outils du navigateur.<\/p>\n<ol>\n<li>Cliquer sur \u00ab\u00a0Param\u00e8tres\u00a0\u00bb.<\/li>\n<li>Cliquer dans la colonne de gauche sur \u00ab\u00a0Confidentialit\u00e9 et s\u00e9curit\u00e9\u00a0\u00bb.<\/li>\n<li>S\u00e9lectionner \u00ab\u00a0Cookies et autres donn\u00e9es des sites\u00a0\u00bb.<\/li>\n<li>Choisir l&#8217;option \u00ab\u00a0Bloquer tous les cookies\u00a0\u00bb.<\/li>\n<\/ol>\n<p><strong>Pour modifier vos param\u00e8tres de cookies, suivez ces \u00e9tapes\u00a0:<\/strong><\/p>\n<ol>\n<li>Supprimer les cookies.<\/li>\n<li>Bloquer les cookies par d\u00e9faut.<\/li>\n<li>Autoriser les cookies par d\u00e9faut.<\/li>\n<li>Effacer les cookies et les donn\u00e9es des sites \u00e0 la fermeture du navigateur.<\/li>\n<li>Faire des exceptions pour les cookies provenant de sites internet ou de domaines sp\u00e9cifiques en cliquant sur \u00ab\u00a0Ajouter\u00a0\u00bb.<\/li>\n<\/ol>\n<p><strong>Internet Explorer\u00a0:<\/strong><\/p>\n<ol>\n<li>Aller dans le menu \u00ab\u00a0Outils\u00a0\u00bb et choisir \u00ab\u00a0Options Internet\u00a0\u00bb.<\/li>\n<li>Cliquer sur l&#8217;onglet \u00ab\u00a0Confidentialit\u00e9\u00a0\u00bb.<\/li>\n<li>Sous \u00ab\u00a0Param\u00e8tres\u00a0\u00bb, s\u00e9lectionner \u00ab\u00a0Avanc\u00e9\u00a0\u00bb. Choisir si autoriser, bloquer ou \u00eatre invit\u00e9 \u00e0 d\u00e9terminer la configuration voulue pour les cookies internes et les cookies tiers.<\/li>\n<\/ol>\n<p><strong>Mozilla Firefox\u00a0:<\/strong><\/p>\n<ol>\n<li>Aller dans le menu.<\/li>\n<li>S\u00e9lectionner \u00ab\u00a0Param\u00e8tres\u00a0\u00bb.<\/li>\n<li>Cliquer sur \u00ab\u00a0Vie priv\u00e9e et s\u00e9curit\u00e9\u00a0\u00bb qui se trouve dans le panneau lat\u00e9ral.<\/li>\n<li>Dans la section \u00ab\u00a0Protection renforc\u00e9e contre le pistage\u00a0\u00bb, choisir le type de protection souhait\u00e9 (Standard, Strict, Personnalis\u00e9). Et dans la section \u00ab\u00a0Cookies et donn\u00e9es de sites\u00a0\u00bb, cocher la case \u00ab\u00a0Supprimer les cookies et les donn\u00e9es des sites \u00e0 la fermeture de Firefox\u00a0\u00bb.<\/li>\n<\/ol>\n<p><strong>Safari\u00a0:<\/strong><\/p>\n<ol>\n<li>Se rendre sur le menu \u00ab\u00a0Safari\u00a0\u00bb.<\/li>\n<li>Cliquer sur \u00ab\u00a0Pr\u00e9f\u00e9rences\u00a0\u00bb.<\/li>\n<li>Dans le panneau sup\u00e9rieur, s\u00e9lectionner l&#8217;ic\u00f4ne \u00ab\u00a0Confidentialit\u00e9\u00a0\u00bb.<\/li>\n<li>Dans la section \u00ab\u00a0Cookies et donn\u00e9es de sites web\u00a0\u00bb, cocher la case \u00ab\u00a0Bloquer tous les cookies\u00a0\u00bb.<\/li>\n<\/ol>\n<p><strong>D\u00e9charge de responsabilit\u00e9<br \/>\n<\/strong>GESBA ne pourra pas \u00eatre tenu responsable des pertes ou des dommages au titre de la responsabilit\u00e9 civile (y compris, mais sans s&#8217;y limiter, les dommages r\u00e9els, les manques \u00e0 gagner et les dommages moraux, caus\u00e9s directement ou indirectement) r\u00e9sultant de l&#8217;utilisation, correcte ou incorrecte, de ses services, des sites internet et de leurs contenus par l&#8217;utilisateur, y compris l&#8217;acc\u00e8s indu \u00e0 l&#8217;ordinateur et au syst\u00e8me informatique de l&#8217;utilisateur par des tiers.<\/p>\n<p>Les informations divulgu\u00e9es doivent \u00eatre consid\u00e9r\u00e9es sous leur aspect informatif.<\/p>\n<p>Dans les services, sites et portails g\u00e9r\u00e9s par GESBA, il existe des contenus et des services fournis par des tiers, dont la responsabilit\u00e9 de leur mise \u00e0 jour leur revient.\u00a0 Ainsi, GESBA ne peut \u00eatre tenu responsable de l&#8217;exactitude totale et de la mise \u00e0 jour des informations figurant sur ses sites internet.<\/p>\n<p>Les sites internet peuvent contenir des liens vers des sites internet exploit\u00e9s par des tiers sur lesquels elle n&#8217;a aucun contr\u00f4le et pour lesquels elle n&#8217;assume aucune responsabilit\u00e9.<\/p>\n<p>La visualisation des dispositions l\u00e9gales dans ce site ne dispense pas de consulter les normes l\u00e9gales en vigueur, officiellement approuv\u00e9es, publi\u00e9es dans les \u00e9ditions et supports originaux (notamment le Journal officiel de la R\u00e9publique portugaise ou le Journal officiel de l&#8217;Union europ\u00e9enne).<\/p>\n<p><strong>Modification de la politique de s\u00e9curit\u00e9 et de confidentialit\u00e9<br \/>\n<\/strong>Ces Conditions g\u00e9n\u00e9rales, qu&#8217;il convient de lire attentivement, peuvent \u00eatre modifi\u00e9es, les modifications \u00e9tant consid\u00e9r\u00e9es comme prenant effet \u00e0 la date de leur publication sur ce site, avec r\u00e9f\u00e9rence expresse \u00e0 la date de mise \u00e0 jour.<\/p>\n<p><strong>Droit applicable et juridiction comp\u00e9tente<br \/>\n<\/strong>Ces Conditions g\u00e9n\u00e9rales sont r\u00e9gies et interpr\u00e9t\u00e9es conform\u00e9ment au droit portugais. Le tribunal de la r\u00e9gion de Lisbonne est comp\u00e9tent, \u00e0 l&#8217;exclusion de tout autre, pour r\u00e9gler tout litige d\u00e9coulant de l&#8217;interpr\u00e9tation et de l&#8217;application de ces Conditions g\u00e9n\u00e9rales.<\/p>\n","protected":false},"excerpt":{"rendered":"<p>Politique g\u00e9n\u00e9rale de s\u00e9curit\u00e9 et de confidentialit\u00e9 La protection de la confidentialit\u00e9 et des donn\u00e9es \u00e0 caract\u00e8re personnel est une priorit\u00e9 pour GESBA\u00a0&#8211; Empresa de Gest\u00e3o do Sector da Banana, Lda. (d\u00e9sign\u00e9e ci-apr\u00e8s GESBA) et un engagement clair que nous prenons. Cette politique concerne les pratiques de confidentialit\u00e9 dans le cadre de l&#8217;activit\u00e9 de GESBA,&#8230;  <a href=\"http:\/\/bam-centrodabananadamadeira.pt\/fr\/politiquede-confidentialite\/\" title=\"Read Politiquede confidentialit\u00e9\">Read more &raquo;<\/a><\/p>\n","protected":false},"author":1,"featured_media":0,"parent":0,"menu_order":0,"comment_status":"closed","ping_status":"closed","template":"tmp-politica.php","meta":{"inline_featured_image":false,"footnotes":""},"class_list":["post-66","page","type-page","status-publish","hentry"],"yoast_head":"<!-- This site is optimized with the Yoast SEO plugin v19.6.1 - https:\/\/yoast.com\/wordpress\/plugins\/seo\/ -->\n<title>Politiquede confidentialit\u00e9 - BAM | FR<\/title>\n<meta name=\"robots\" content=\"index, follow, max-snippet:-1, max-image-preview:large, max-video-preview:-1\" \/>\n<link rel=\"canonical\" href=\"http:\/\/bam-centrodabananadamadeira.pt\/fr\/politiquede-confidentialite\/\" \/>\n<meta property=\"og:locale\" content=\"pt_PT\" \/>\n<meta property=\"og:type\" content=\"article\" \/>\n<meta property=\"og:title\" content=\"Politiquede confidentialit\u00e9 - BAM | FR\" \/>\n<meta property=\"og:description\" content=\"Politique g\u00e9n\u00e9rale de s\u00e9curit\u00e9 et de confidentialit\u00e9 La protection de la confidentialit\u00e9 et des donn\u00e9es \u00e0 caract\u00e8re personnel est une priorit\u00e9 pour GESBA\u00a0&#8211; Empresa de Gest\u00e3o do Sector da Banana, Lda. (d\u00e9sign\u00e9e ci-apr\u00e8s GESBA) et un engagement clair que nous prenons. Cette politique concerne les pratiques de confidentialit\u00e9 dans le cadre de l&#8217;activit\u00e9 de GESBA,... Read more &raquo;\" \/>\n<meta property=\"og:url\" content=\"http:\/\/bam-centrodabananadamadeira.pt\/fr\/politiquede-confidentialite\/\" \/>\n<meta property=\"og:site_name\" content=\"BAM | FR\" \/>\n<meta property=\"article:modified_time\" content=\"2022-07-22T20:16:16+00:00\" \/>\n<meta name=\"twitter:card\" content=\"summary_large_image\" \/>\n<meta name=\"twitter:label1\" content=\"Tempo estimado de leitura\" \/>\n\t<meta name=\"twitter:data1\" content=\"10 minutos\" \/>\n<script type=\"application\/ld+json\" class=\"yoast-schema-graph\">{\"@context\":\"https:\/\/schema.org\",\"@graph\":[{\"@type\":\"WebPage\",\"@id\":\"http:\/\/bam-centrodabananadamadeira.pt\/fr\/politiquede-confidentialite\/\",\"url\":\"http:\/\/bam-centrodabananadamadeira.pt\/fr\/politiquede-confidentialite\/\",\"name\":\"Politiquede confidentialit\u00e9 - BAM | FR\",\"isPartOf\":{\"@id\":\"http:\/\/bam-centrodabananadamadeira.pt\/fr\/#website\"},\"datePublished\":\"2022-02-10T14:59:49+00:00\",\"dateModified\":\"2022-07-22T20:16:16+00:00\",\"breadcrumb\":{\"@id\":\"http:\/\/bam-centrodabananadamadeira.pt\/fr\/politiquede-confidentialite\/#breadcrumb\"},\"inLanguage\":\"pt-PT\",\"potentialAction\":[{\"@type\":\"ReadAction\",\"target\":[\"http:\/\/bam-centrodabananadamadeira.pt\/fr\/politiquede-confidentialite\/\"]}]},{\"@type\":\"BreadcrumbList\",\"@id\":\"http:\/\/bam-centrodabananadamadeira.pt\/fr\/politiquede-confidentialite\/#breadcrumb\",\"itemListElement\":[{\"@type\":\"ListItem\",\"position\":1,\"name\":\"In\u00edcio\",\"item\":\"http:\/\/bam-centrodabananadamadeira.pt\/fr\/\"},{\"@type\":\"ListItem\",\"position\":2,\"name\":\"Politiquede confidentialit\u00e9\"}]},{\"@type\":\"WebSite\",\"@id\":\"http:\/\/bam-centrodabananadamadeira.pt\/fr\/#website\",\"url\":\"http:\/\/bam-centrodabananadamadeira.pt\/fr\/\",\"name\":\"BAM | FR\",\"description\":\"\",\"potentialAction\":[{\"@type\":\"SearchAction\",\"target\":{\"@type\":\"EntryPoint\",\"urlTemplate\":\"http:\/\/bam-centrodabananadamadeira.pt\/fr\/?s={search_term_string}\"},\"query-input\":\"required name=search_term_string\"}],\"inLanguage\":\"pt-PT\"}]}<\/script>\n<!-- \/ Yoast SEO plugin. -->","yoast_head_json":{"title":"Politiquede confidentialit\u00e9 - BAM | FR","robots":{"index":"index","follow":"follow","max-snippet":"max-snippet:-1","max-image-preview":"max-image-preview:large","max-video-preview":"max-video-preview:-1"},"canonical":"http:\/\/bam-centrodabananadamadeira.pt\/fr\/politiquede-confidentialite\/","og_locale":"pt_PT","og_type":"article","og_title":"Politiquede confidentialit\u00e9 - BAM | FR","og_description":"Politique g\u00e9n\u00e9rale de s\u00e9curit\u00e9 et de confidentialit\u00e9 La protection de la confidentialit\u00e9 et des donn\u00e9es \u00e0 caract\u00e8re personnel est une priorit\u00e9 pour GESBA\u00a0&#8211; Empresa de Gest\u00e3o do Sector da Banana, Lda. (d\u00e9sign\u00e9e ci-apr\u00e8s GESBA) et un engagement clair que nous prenons. Cette politique concerne les pratiques de confidentialit\u00e9 dans le cadre de l&#8217;activit\u00e9 de GESBA,... Read more &raquo;","og_url":"http:\/\/bam-centrodabananadamadeira.pt\/fr\/politiquede-confidentialite\/","og_site_name":"BAM | FR","article_modified_time":"2022-07-22T20:16:16+00:00","twitter_card":"summary_large_image","twitter_misc":{"Tempo estimado de leitura":"10 minutos"},"schema":{"@context":"https:\/\/schema.org","@graph":[{"@type":"WebPage","@id":"http:\/\/bam-centrodabananadamadeira.pt\/fr\/politiquede-confidentialite\/","url":"http:\/\/bam-centrodabananadamadeira.pt\/fr\/politiquede-confidentialite\/","name":"Politiquede confidentialit\u00e9 - BAM | FR","isPartOf":{"@id":"http:\/\/bam-centrodabananadamadeira.pt\/fr\/#website"},"datePublished":"2022-02-10T14:59:49+00:00","dateModified":"2022-07-22T20:16:16+00:00","breadcrumb":{"@id":"http:\/\/bam-centrodabananadamadeira.pt\/fr\/politiquede-confidentialite\/#breadcrumb"},"inLanguage":"pt-PT","potentialAction":[{"@type":"ReadAction","target":["http:\/\/bam-centrodabananadamadeira.pt\/fr\/politiquede-confidentialite\/"]}]},{"@type":"BreadcrumbList","@id":"http:\/\/bam-centrodabananadamadeira.pt\/fr\/politiquede-confidentialite\/#breadcrumb","itemListElement":[{"@type":"ListItem","position":1,"name":"In\u00edcio","item":"http:\/\/bam-centrodabananadamadeira.pt\/fr\/"},{"@type":"ListItem","position":2,"name":"Politiquede confidentialit\u00e9"}]},{"@type":"WebSite","@id":"http:\/\/bam-centrodabananadamadeira.pt\/fr\/#website","url":"http:\/\/bam-centrodabananadamadeira.pt\/fr\/","name":"BAM | FR","description":"","potentialAction":[{"@type":"SearchAction","target":{"@type":"EntryPoint","urlTemplate":"http:\/\/bam-centrodabananadamadeira.pt\/fr\/?s={search_term_string}"},"query-input":"required name=search_term_string"}],"inLanguage":"pt-PT"}]}},"_links":{"self":[{"href":"http:\/\/bam-centrodabananadamadeira.pt\/fr\/wp-json\/wp\/v2\/pages\/66","targetHints":{"allow":["GET"]}}],"collection":[{"href":"http:\/\/bam-centrodabananadamadeira.pt\/fr\/wp-json\/wp\/v2\/pages"}],"about":[{"href":"http:\/\/bam-centrodabananadamadeira.pt\/fr\/wp-json\/wp\/v2\/types\/page"}],"author":[{"embeddable":true,"href":"http:\/\/bam-centrodabananadamadeira.pt\/fr\/wp-json\/wp\/v2\/users\/1"}],"replies":[{"embeddable":true,"href":"http:\/\/bam-centrodabananadamadeira.pt\/fr\/wp-json\/wp\/v2\/comments?post=66"}],"version-history":[{"count":4,"href":"http:\/\/bam-centrodabananadamadeira.pt\/fr\/wp-json\/wp\/v2\/pages\/66\/revisions"}],"predecessor-version":[{"id":158,"href":"http:\/\/bam-centrodabananadamadeira.pt\/fr\/wp-json\/wp\/v2\/pages\/66\/revisions\/158"}],"wp:attachment":[{"href":"http:\/\/bam-centrodabananadamadeira.pt\/fr\/wp-json\/wp\/v2\/media?parent=66"}],"curies":[{"name":"wp","href":"https:\/\/api.w.org\/{rel}","templated":true}]}}